{"id":47435,"date":"2017-11-04T05:00:33","date_gmt":"2017-11-03T19:00:33","guid":{"rendered":"http:\/\/www.jesusnazareno.com\/425\/?page_id=47435"},"modified":"2025-12-02T13:44:52","modified_gmt":"2025-12-02T12:44:52","slug":"jesus-nazareno","status":"publish","type":"page","link":"https:\/\/www.jesusnazareno.com\/425\/jesus-nazareno\/","title":{"rendered":"Jes\u00fas Nazareno"},"content":{"rendered":"<div class=\"et_pb_section_0 et_pb_section et_pb_fullwidth_section et_section_regular et_block_section\"><section class=\"et_pb_fullwidth_header_0 et_pb_fullwidth_header et_pb_bg_layout_dark et_pb_text_align_left et_pb_module et_flex_module\"><div class=\"et_pb_fullwidth_header_container left\"><div class=\"header-content-container center\"><div class=\"header-content et_flex_module\"><h1 class=\"et_pb_module_header\">Jes\u00fas Nazareno<\/h1><span class=\"et_pb_fullwidth_header_subhead\">La Imagen de Jes\u00fas Nazareno de Priego de C\u00f3rdoba.<\/span><div class=\"et_pb_header_button_wrapper\"><\/div><\/div><\/div><\/div><div class=\"et_pb_fullwidth_header_overlay\"><\/div><div class=\"et_pb_fullwidth_header_scroll\"><\/div><\/section><\/div><div class=\"et_pb_section_1 et_pb_section et_section_regular et_block_section\"><div class=\"et_pb_row_0 et_pb_row et_pb_gutters3 et_block_row\"><div class=\"et_pb_column_0 et_pb_column et_pb_column_1_3 et_block_column et_pb_css_mix_blend_mode_passthrough\"><div class=\"et_pb_image_0 et_pb_image et_animated et_pb_module et_flex_module\"><span class=\"et_pb_image_wrap\"><img loading=\"lazy\" decoding=\"async\" src=\"https:\/\/www.jesusnazareno.com\/425\/wp-content\/uploads\/2017\/11\/337.jpg\" width=\"591\" height=\"394\" srcset=\"https:\/\/www.jesusnazareno.com\/425\/wp-content\/uploads\/2017\/11\/337.jpg 591w, https:\/\/www.jesusnazareno.com\/425\/wp-content\/uploads\/2017\/11\/337-300x200.jpg 300w\" sizes=\"(max-width: 591px) 100vw, 591px\" class=\"wp-image-48586\" \/><\/span><\/div><div class=\"et_pb_image_1 et_pb_image et_animated et_pb_module et_flex_module\"><span class=\"et_pb_image_wrap\"><img loading=\"lazy\" decoding=\"async\" src=\"https:\/\/www.jesusnazareno.com\/425\/wp-content\/uploads\/2017\/11\/153.jpg\" width=\"591\" height=\"394\" srcset=\"https:\/\/www.jesusnazareno.com\/425\/wp-content\/uploads\/2017\/11\/153.jpg 591w, https:\/\/www.jesusnazareno.com\/425\/wp-content\/uploads\/2017\/11\/153-300x200.jpg 300w\" sizes=\"(max-width: 591px) 100vw, 591px\" class=\"wp-image-48583\" \/><\/span><\/div><div class=\"et_pb_image_2 et_pb_image et_animated et_pb_module et_flex_module\"><span class=\"et_pb_image_wrap\"><img loading=\"lazy\" decoding=\"async\" src=\"https:\/\/www.jesusnazareno.com\/425\/wp-content\/uploads\/2017\/11\/205.jpg\" width=\"591\" height=\"394\" srcset=\"https:\/\/www.jesusnazareno.com\/425\/wp-content\/uploads\/2017\/11\/205.jpg 591w, https:\/\/www.jesusnazareno.com\/425\/wp-content\/uploads\/2017\/11\/205-300x200.jpg 300w\" sizes=\"(max-width: 591px) 100vw, 591px\" class=\"wp-image-48584\" \/><\/span><\/div><div class=\"et_pb_image_3 et_pb_image et_animated et_pb_module et_flex_module\"><span class=\"et_pb_image_wrap\"><img loading=\"lazy\" decoding=\"async\" src=\"https:\/\/www.jesusnazareno.com\/425\/wp-content\/uploads\/2017\/11\/606.jpg\" width=\"591\" height=\"394\" srcset=\"https:\/\/www.jesusnazareno.com\/425\/wp-content\/uploads\/2017\/11\/606.jpg 591w, https:\/\/www.jesusnazareno.com\/425\/wp-content\/uploads\/2017\/11\/606-300x200.jpg 300w\" sizes=\"(max-width: 591px) 100vw, 591px\" class=\"wp-image-48588\" \/><\/span><\/div><\/div><div class=\"et_pb_column_1 et_pb_column et_pb_column_2_3 et-last-child et_block_column et_pb_css_mix_blend_mode_passthrough\"><div class=\"et_pb_text_0 et_pb_text et_pb_bg_layout_light et_pb_module et_flex_module\"><div class=\"et_pb_text_inner\"><blockquote>\n<h1 style=\"text-align: justify;\"><span style=\"font-size: xx-large;\">Jes\u00fas Nazareno<\/span><\/h1>\n<p style=\"text-align: justify;\"><span style=\"font-size: 14px;\">\u00a0<\/span><\/p>\n<p style=\"text-align: justify;\"><span style=\"font-size: 14px;\">El m\u00e1ximo exponente de la escultura procesional del Siglo de Oro es la imagen de Jes\u00fas Nazareno con la <\/span><em style=\"font-size: 14px;\">Cruz a cuestas,<\/em><span style=\"font-size: 14px;\"> su presencia vers\u00e1til aglutina toda la simbolog\u00eda religiosa, cultural, art\u00edstica y pedag\u00f3gica de los rituales de Semana Santa.<\/span><\/p>\n<p style=\"text-align: justify;\">El d\u00eda 4 de abril de 1593 se fund\u00f3 en Villa de Priego una piadosa asociaci\u00f3n, que se denomin\u00f3, como la <strong><em>Cofrad\u00eda de los Nazarenos<\/em><\/strong><em>. <\/em>Sus 22 primeras \u00a0Constituciones fueron aprobadas por el abad mayor de la Abad\u00eda de Alcal\u00e1 la Real (Ja\u00e9n) D. Maximiliano de Austria y confirmandas posteriormente por el Papa Clemente VIII. Se encuentra desde su fundaci\u00f3n en la iglesia de conventual de San Francisco, construida en 1515 por D. Pedro Fern\u00e1ndez de C\u00f3rdoba, primer marqu\u00e9s de Priego.<\/p>\n<p style=\"text-align: justify;\">La imagen titular es la de un Cristo con la cruz a cuestas, la m\u00e1s veraz representaci\u00f3n iconogr\u00e1fica del <strong>Nazareno,<\/strong> obra de Pablo de Rojas (1592), vecino de la localidad de Alcal\u00e1 la Real (Ja\u00e9n) y el m\u00e1s fiel y digno reflejo de la m\u00edstica del Maestro alcalaino.<\/p>\n<p style=\"text-align: justify;\"><span style=\"font-size: 14px;\">\u00a0 \u00a0 \u00a0<\/span><\/p>\n<p style=\"text-align: justify;\"><span style=\"font-size: 14px;\">Nuestro Padre Jes\u00fas Nazareno, titular de la Pontificia y Real Cofrad\u00eda y Hermandad Sacramental de Nuestro Padre Jes\u00fas Nazareno, Mar\u00eda Sant\u00edsima de los Dolores y San Juan Evangelista, una de las obras de \u201c<\/span><em style=\"font-size: 14px;\">mayor calidad<\/em><span style=\"font-size: 14px;\">\u201d de Pablo de Rojas, es una\u00a0 figura de vestir de una insuperable belleza e inconmensurable serenidad, llevando la impronta del maestro alcalaino en la configuraci\u00f3n de su \u201c<\/span><em style=\"font-size: 14px;\">noble cabeza\u201d<\/em><span style=\"font-size: 14px;\">, as\u00ed como, en su fuerte naturalismo din\u00e1mico y expresivo. Presenta una t\u00fanica de gran belleza y \u00a0cuidada policrom\u00eda con gran espesor y amplitud de pliegues, quiz\u00e1s por el cord\u00f3n que le ci\u00f1e su cintura y hace que estos caigan con mayor pesadez, d\u00e1ndole a la imagen (1,62 x 50)\u00a0 mayor volumen.<\/span><\/p>\n<p style=\"text-align: justify;\">El rostro es un fiel reflejo del naturalismo de la \u00e9poca, acentuado profundamente en su expresiva belleza. Las mejillas de firmes vol\u00famenes, los extremos del bigote m\u00e1s \u201c<em>prominentes\u201d, <\/em>el cabello repartido en mechones separados, peinados por encima de la orejas, le cae por los hombros, (impronta de muchas im\u00e1genes coet\u00e1neas atribuidas a Rojas), enmarcan un rostro con un modelado de indiscutible calidad y excelente policrom\u00eda. La mirada perdida, el dolor contenido, la expresiva y serena belleza, definen un compendio de sentimientos y emociones. Como comenta el cronista de la orden franciscana Alonso de Torres, (1984:121) \u201cE<em>s tan devota la imagen que no la ve criatura alguna que no se aficione a su belleza\u201d<\/em>.<\/p>\n<p style=\"text-align: justify;\"><span style=\"font-size: 14px;\">\u00a0<\/span><\/p>\n<p style=\"text-align: justify;\"><span style=\"font-size: 14px;\">Desde el siglo XVIII, como demandaban los c\u00e1nones est\u00e9ticos del barroco,\u00a0 la imagen de Jes\u00fas Nazareno se presenta vestida con t\u00fanica de terciopelo bordado y peluca de pelo natural sujeta con una sencilla corona de espinas.<\/span><\/p>\n<p style=\"text-align: justify;\">Se encuentra en el retablo central de capilla que lleva su nombre en la Iglesia conventual de San Francisco de Priego de C\u00f3rdoba. La \u00faltima restauraci\u00f3n fue el a\u00f1o 2014 en el taller de arte sevillano de\u00a0 D. Pedro E. Manzano.<\/p>\n<p style=\"text-align: right;\"><strong>Candelaria Alf\u00e9rez Molina<\/strong><\/p>\n<p style=\"text-align: right;\"><strong>\u00a0\u00a0\u00a0\u00a0\u00a0\u00a0\u00a0\u00a0\u00a0\u00a0\u00a0\u00a0\u00a0\u00a0\u00a0\u00a0\u00a0\u00a0\u00a0\u00a0\u00a0\u00a0\u00a0\u00a0\u00a0\u00a0\u00a0\u00a0\u00a0\u00a0\u00a0\u00a0\u00a0\u00a0\u00a0\u00a0\u00a0\u00a0\u00a0\u00a0\u00a0\u00a0\u00a0\u00a0\u00a0\u00a0\u00a0\u00a0\u00a0\u00a0\u00a0\u00a0\u00a0\u00a0\u00a0\u00a0\u00a0\u00a0\u00a0\u00a0\u00a0\u00a0\u00a0\u00a0\u00a0\u00a0\u00a0\u00a0\u00a0\u00a0\u00a0\u00a0\u00a0\u00a0\u00a0\u00a0\u00a0\u00a0\u00a0\u00a0\u00a0\u00a0\u00a0\u00a0<\/strong>Doctora en Humanidades<\/p>\n<\/blockquote>\n<\/div><\/div><\/div><\/div><div class=\"et_pb_row_1 et_pb_row et_pb_gutters3 et_block_row\"><div class=\"et_pb_column_2 et_pb_column et_pb_column_4_4 et-last-child et_block_column et_pb_css_mix_blend_mode_passthrough\"><div class=\"et_pb_text_1 et_pb_text et_pb_bg_layout_light et_pb_module et_flex_module\"><div class=\"et_pb_text_inner\"><pre><strong>Todas las Fotograf\u00edas de esta secci\u00f3n: Joaqu\u00edn Ferrer, Mateo Olaya, Jes\u00fas Ruiz \"Gitanito\".<\/strong><\/pre>\n<\/div><\/div><div class=\"et_pb_gallery_0 et_pb_gallery et_pb_bg_layout_light et_pb_gallery_grid et_pb_module\" data-auto-rotate=\"off\" data-auto-rotate-speed=\"\"><div class=\"et_pb_gallery_items et_post_gallery clearfix et_block_module\" data-per_page=\"4\"><div class=\"et_pb_gallery_item et_pb_grid_item et_pb_gallery_item_0_0\"><div class=\"et_pb_gallery_image landscape\" data-per_page=\"4\"><a href=\"https:\/\/www.jesusnazareno.com\/425\/wp-content\/uploads\/2017\/11\/466-1.jpg\" title=\"466\"><img loading=\"lazy\" decoding=\"async\" width=\"400\" height=\"284\" src=\"https:\/\/www.jesusnazareno.com\/425\/wp-content\/uploads\/2017\/11\/466-1-400x284.jpg\" alt=\"\" class=\"wp-image-48597\" srcset=\"https:\/\/www.jesusnazareno.com\/425\/wp-content\/uploads\/2017\/11\/466-1.jpg 479w, https:\/\/www.jesusnazareno.com\/425\/wp-content\/uploads\/2017\/11\/466-1-400x284.jpg 480w\" sizes=\"(max-width:479px) 479px, 100vw\" \/><span class=\"et_overlay\" data-icon=\"\" data-icon-tablet=\"\" data-icon-phone=\"\"><\/span><\/a><\/div><\/div><div class=\"et_pb_gallery_item et_pb_grid_item et_pb_gallery_item_0_1\"><div class=\"et_pb_gallery_image landscape\" data-per_page=\"4\"><a href=\"https:\/\/www.jesusnazareno.com\/425\/wp-content\/uploads\/2017\/11\/083.jpg\" title=\"083\"><img loading=\"lazy\" decoding=\"async\" width=\"400\" height=\"284\" src=\"https:\/\/www.jesusnazareno.com\/425\/wp-content\/uploads\/2017\/11\/083-400x284.jpg\" alt=\"\" class=\"wp-image-48581\" srcset=\"https:\/\/www.jesusnazareno.com\/425\/wp-content\/uploads\/2017\/11\/083.jpg 479w, https:\/\/www.jesusnazareno.com\/425\/wp-content\/uploads\/2017\/11\/083-400x284.jpg 480w\" sizes=\"(max-width:479px) 479px, 100vw\" \/><span class=\"et_overlay\" data-icon=\"\" data-icon-tablet=\"\" data-icon-phone=\"\"><\/span><\/a><\/div><\/div><div class=\"et_pb_gallery_item et_pb_grid_item et_pb_gallery_item_0_2\"><div class=\"et_pb_gallery_image landscape\" data-per_page=\"4\"><a href=\"https:\/\/www.jesusnazareno.com\/425\/wp-content\/uploads\/2017\/11\/256.jpg\" title=\"256\"><img loading=\"lazy\" decoding=\"async\" width=\"400\" height=\"284\" src=\"https:\/\/www.jesusnazareno.com\/425\/wp-content\/uploads\/2017\/11\/256-400x284.jpg\" alt=\"\" class=\"wp-image-48585\" srcset=\"https:\/\/www.jesusnazareno.com\/425\/wp-content\/uploads\/2017\/11\/256.jpg 479w, https:\/\/www.jesusnazareno.com\/425\/wp-content\/uploads\/2017\/11\/256-400x284.jpg 480w\" sizes=\"(max-width:479px) 479px, 100vw\" \/><span class=\"et_overlay\" data-icon=\"\" data-icon-tablet=\"\" data-icon-phone=\"\"><\/span><\/a><\/div><\/div><div class=\"et_pb_gallery_item et_pb_grid_item et_pb_gallery_item_0_3\"><div class=\"et_pb_gallery_image landscape\" data-per_page=\"4\"><a href=\"https:\/\/www.jesusnazareno.com\/425\/wp-content\/uploads\/2017\/11\/118.jpg\" title=\"118\"><img loading=\"lazy\" decoding=\"async\" width=\"400\" height=\"284\" src=\"https:\/\/www.jesusnazareno.com\/425\/wp-content\/uploads\/2017\/11\/118-400x284.jpg\" alt=\"\" class=\"wp-image-48582\" srcset=\"https:\/\/www.jesusnazareno.com\/425\/wp-content\/uploads\/2017\/11\/118.jpg 479w, https:\/\/www.jesusnazareno.com\/425\/wp-content\/uploads\/2017\/11\/118-400x284.jpg 480w\" sizes=\"(max-width:479px) 479px, 100vw\" \/><span class=\"et_overlay\" data-icon=\"\" data-icon-tablet=\"\" data-icon-phone=\"\"><\/span><\/a><\/div><\/div><div class=\"et_pb_gallery_item et_pb_grid_item et_pb_gallery_item_0_4\"><div class=\"et_pb_gallery_image landscape\" data-per_page=\"4\"><a href=\"https:\/\/www.jesusnazareno.com\/425\/wp-content\/uploads\/2017\/11\/337-1.jpg\" title=\"337\"><img loading=\"lazy\" decoding=\"async\" width=\"400\" height=\"284\" src=\"https:\/\/www.jesusnazareno.com\/425\/wp-content\/uploads\/2017\/11\/337-1-400x284.jpg\" alt=\"\" class=\"wp-image-48596\" srcset=\"https:\/\/www.jesusnazareno.com\/425\/wp-content\/uploads\/2017\/11\/337-1.jpg 479w, https:\/\/www.jesusnazareno.com\/425\/wp-content\/uploads\/2017\/11\/337-1-400x284.jpg 480w\" sizes=\"(max-width:479px) 479px, 100vw\" \/><span class=\"et_overlay\" data-icon=\"\" data-icon-tablet=\"\" data-icon-phone=\"\"><\/span><\/a><\/div><\/div><div class=\"et_pb_gallery_item et_pb_grid_item et_pb_gallery_item_0_5\"><div class=\"et_pb_gallery_image landscape\" data-per_page=\"4\"><a href=\"https:\/\/www.jesusnazareno.com\/425\/wp-content\/uploads\/2017\/11\/205.jpg\" title=\"205\"><img loading=\"lazy\" decoding=\"async\" width=\"400\" height=\"284\" src=\"https:\/\/www.jesusnazareno.com\/425\/wp-content\/uploads\/2017\/11\/205-400x284.jpg\" alt=\"\" class=\"wp-image-48584\" srcset=\"https:\/\/www.jesusnazareno.com\/425\/wp-content\/uploads\/2017\/11\/205.jpg 479w, https:\/\/www.jesusnazareno.com\/425\/wp-content\/uploads\/2017\/11\/205-400x284.jpg 480w\" sizes=\"(max-width:479px) 479px, 100vw\" \/><span class=\"et_overlay\" data-icon=\"\" data-icon-tablet=\"\" data-icon-phone=\"\"><\/span><\/a><\/div><\/div><div class=\"et_pb_gallery_item et_pb_grid_item et_pb_gallery_item_0_6\"><div class=\"et_pb_gallery_image landscape\" data-per_page=\"4\"><a href=\"https:\/\/www.jesusnazareno.com\/425\/wp-content\/uploads\/2017\/11\/337.jpg\" title=\"337\"><img loading=\"lazy\" decoding=\"async\" width=\"400\" height=\"284\" src=\"https:\/\/www.jesusnazareno.com\/425\/wp-content\/uploads\/2017\/11\/337-400x284.jpg\" alt=\"\" class=\"wp-image-48586\" srcset=\"https:\/\/www.jesusnazareno.com\/425\/wp-content\/uploads\/2017\/11\/337.jpg 479w, https:\/\/www.jesusnazareno.com\/425\/wp-content\/uploads\/2017\/11\/337-400x284.jpg 480w\" sizes=\"(max-width:479px) 479px, 100vw\" \/><span class=\"et_overlay\" data-icon=\"\" data-icon-tablet=\"\" data-icon-phone=\"\"><\/span><\/a><\/div><\/div><div class=\"et_pb_gallery_item et_pb_grid_item et_pb_gallery_item_0_7\"><div class=\"et_pb_gallery_image landscape\" data-per_page=\"4\"><a href=\"https:\/\/www.jesusnazareno.com\/425\/wp-content\/uploads\/2017\/11\/606.jpg\" title=\"606\"><img loading=\"lazy\" decoding=\"async\" width=\"400\" height=\"284\" src=\"https:\/\/www.jesusnazareno.com\/425\/wp-content\/uploads\/2017\/11\/606-400x284.jpg\" alt=\"\" class=\"wp-image-48588\" srcset=\"https:\/\/www.jesusnazareno.com\/425\/wp-content\/uploads\/2017\/11\/606.jpg 479w, https:\/\/www.jesusnazareno.com\/425\/wp-content\/uploads\/2017\/11\/606-400x284.jpg 480w\" sizes=\"(max-width:479px) 479px, 100vw\" \/><span class=\"et_overlay\" data-icon=\"\" data-icon-tablet=\"\" data-icon-phone=\"\"><\/span><\/a><\/div><\/div><div class=\"et_pb_gallery_item et_pb_grid_item et_pb_gallery_item_0_8\"><div class=\"et_pb_gallery_image landscape\" data-per_page=\"4\"><a href=\"https:\/\/www.jesusnazareno.com\/425\/wp-content\/uploads\/2017\/11\/466.jpg\" title=\"466\"><img loading=\"lazy\" decoding=\"async\" width=\"400\" height=\"284\" src=\"https:\/\/www.jesusnazareno.com\/425\/wp-content\/uploads\/2017\/11\/466-400x284.jpg\" alt=\"\" class=\"wp-image-48587\" srcset=\"https:\/\/www.jesusnazareno.com\/425\/wp-content\/uploads\/2017\/11\/466.jpg 479w, https:\/\/www.jesusnazareno.com\/425\/wp-content\/uploads\/2017\/11\/466-400x284.jpg 480w\" sizes=\"(max-width:479px) 479px, 100vw\" \/><span class=\"et_overlay\" data-icon=\"\" data-icon-tablet=\"\" data-icon-phone=\"\"><\/span><\/a><\/div><\/div><div class=\"et_pb_gallery_item et_pb_grid_item et_pb_gallery_item_0_9\"><div class=\"et_pb_gallery_image landscape\" data-per_page=\"4\"><a href=\"https:\/\/www.jesusnazareno.com\/425\/wp-content\/uploads\/2017\/11\/153.jpg\" title=\"153\"><img loading=\"lazy\" decoding=\"async\" width=\"400\" height=\"284\" src=\"https:\/\/www.jesusnazareno.com\/425\/wp-content\/uploads\/2017\/11\/153-400x284.jpg\" alt=\"\" class=\"wp-image-48583\" srcset=\"https:\/\/www.jesusnazareno.com\/425\/wp-content\/uploads\/2017\/11\/153.jpg 479w, https:\/\/www.jesusnazareno.com\/425\/wp-content\/uploads\/2017\/11\/153-400x284.jpg 480w\" sizes=\"(max-width:479px) 479px, 100vw\" \/><span class=\"et_overlay\" data-icon=\"\" data-icon-tablet=\"\" data-icon-phone=\"\"><\/span><\/a><\/div><\/div><\/div><div class=\"et_pb_gallery_pagination\"><\/div><\/div><\/div><\/div><\/div><div class=\"et_pb_section_2 et_pb_section et_section_regular et_block_section\"><div class=\"et_pb_row_2 et_pb_row et_pb_gutters3 et_block_row\"><div class=\"et_pb_column_3 et_pb_column et_pb_column_4_4 et-last-child et_block_column et_pb_css_mix_blend_mode_passthrough\"><div class=\"et_pb_text_2 et_pb_text et_pb_bg_layout_light et_animated et_pb_module et_flex_module\"><div class=\"et_pb_text_inner\"><p>\u00daltima Noticias<\/p>\n<\/div><\/div><div class=\"et_pb_divider_0 et_pb_divider et_pb_space et_pb_divider_position_center et_animated et_pb_module\"><div class=\"et_pb_divider_internal\"><\/div><\/div><\/div><\/div><\/div><div class=\"et_pb_section_3 et_pb_section et_pb_fullwidth_section et_section_regular et_block_section\"><div class=\"et_pb_fullwidth_post_slider_0 et_pb_fullwidth_post_slider et_pb_bg_layout_dark et_pb_slider et_pb_post_slider et_pb_post_slider_image_background et_pb_slider_with_overlay et_pb_module\"><div class=\"box-shadow-overlay\"><\/div><div class=\"et_pb_slides\"><div class=\"et_pb_slide et_pb_slide_with_no_image et_pb_post_slide-55649\" style=\"background-image:url(https:\/\/www.jesusnazareno.com\/425\/wp-content\/uploads\/2026\/03\/Logo-web-nuevo-2026.png)\"><div class=\"et_pb_slide_overlay_container\"><\/div><div class=\"et_pb_container clearfix\"><div class=\"et_pb_slider_container_inner\"><div class=\"et_pb_slide_description\"><h2 class=\"et_pb_slide_title\"><a href=\"https:\/\/www.jesusnazareno.com\/425\/cartel-fiestas-votivas-mayo-2026\/\">Cartel Fiestas Votivas Mayo 2026<\/a><\/h2><div class=\"et_pb_slide_content\"><p class=\"post-meta\">por <span class=\"author vcard\"><a href=\"https:\/\/www.jesusnazareno.com\/425\/author\/admin\/\" title=\"Mensajes de admin\" rel=\"author\">admin<\/a><\/span> | <span class=\"published\">25\/05\/2026<\/span> | <a href=\"https:\/\/www.jesusnazareno.com\/425\/category\/fotografias\/\" rel=\"category tag\">Fotografias<\/a>, <a href=\"https:\/\/www.jesusnazareno.com\/425\/category\/general\/\" rel=\"category tag\">General<\/a>, <a href=\"https:\/\/www.jesusnazareno.com\/425\/category\/mayo\/\" rel=\"category tag\">Mayo<\/a> | 0 Comments<\/p><div><p>Cartel anunciador de las Fiestas Votivas de Mayo 2026Fotograf\u00eda: Ana Gallego<\/p>\n<\/div><\/div><div class=\"et_pb_button_wrapper\"><a class=\"et_pb_button et_pb_more_button\" href=\"https:\/\/www.jesusnazareno.com\/425\/cartel-fiestas-votivas-mayo-2026\/\">Read More<\/a><\/div><\/div><\/div><\/div><\/div><div class=\"et_pb_slide et_pb_slide_with_no_image et_pb_post_slide-55635\" style=\"background-image:url(https:\/\/www.jesusnazareno.com\/425\/wp-content\/uploads\/2026\/05\/whatsapp.jpg)\"><div class=\"et_pb_slide_overlay_container\"><\/div><div class=\"et_pb_container clearfix\"><div class=\"et_pb_slider_container_inner\"><div class=\"et_pb_slide_description\"><h2 class=\"et_pb_slide_title\"><a href=\"https:\/\/www.jesusnazareno.com\/425\/whatsapp-de-la-hermandad\/\">Whatsapp de la Hermandad<\/a><\/h2><div class=\"et_pb_slide_content\"><p class=\"post-meta\">por <span class=\"author vcard\"><a href=\"https:\/\/www.jesusnazareno.com\/425\/author\/admin\/\" title=\"Mensajes de admin\" rel=\"author\">admin<\/a><\/span> | <span class=\"published\">19\/05\/2026<\/span> | <a href=\"https:\/\/www.jesusnazareno.com\/425\/category\/general\/\" rel=\"category tag\">General<\/a>, <a href=\"https:\/\/www.jesusnazareno.com\/425\/category\/mayo\/\" rel=\"category tag\">Mayo<\/a>, <a href=\"https:\/\/www.jesusnazareno.com\/425\/category\/noticias-de-hermandad\/\" rel=\"category tag\">Noticias<\/a>, <a href=\"https:\/\/www.jesusnazareno.com\/425\/category\/reuniones\/\" rel=\"category tag\">Reuniones<\/a>, <a href=\"https:\/\/www.jesusnazareno.com\/425\/category\/secretaria\/\" rel=\"category tag\">Secretaria<\/a>, <a href=\"https:\/\/www.jesusnazareno.com\/425\/category\/semana-santa\/\" rel=\"category tag\">Semana Santa<\/a>, <a href=\"https:\/\/www.jesusnazareno.com\/425\/category\/tesoreria\/\" rel=\"category tag\">Tesorer\u00eda<\/a> | 0 Comments<\/p><div><p>Canal de Comunicaci\u00f3n de la Cofrad\u00eda y Hermandad.\u00a0Si quieres estar informado de toda la actualidad de la Cofrad\u00eda y Hermandad, date de alta en nuestro canal de informaci\u00f3n a trav\u00e9s de Whastapp siguiendo las siguientes indicaciones: Graba el tel\u00e9fono 640 797 070 en tus&#8230;<\/p>\n<\/div><\/div><div class=\"et_pb_button_wrapper\"><a class=\"et_pb_button et_pb_more_button\" href=\"https:\/\/www.jesusnazareno.com\/425\/whatsapp-de-la-hermandad\/\">Read More<\/a><\/div><\/div><\/div><\/div><\/div><div class=\"et_pb_slide et_pb_slide_with_no_image et_pb_post_slide-55591\" style=\"background-image:url(https:\/\/www.jesusnazareno.com\/425\/wp-content\/uploads\/2026\/05\/Programa-mayo-26-1.jpg)\"><div class=\"et_pb_slide_overlay_container\"><\/div><div class=\"et_pb_container clearfix\"><div class=\"et_pb_slider_container_inner\"><div class=\"et_pb_slide_description\"><h2 class=\"et_pb_slide_title\"><a href=\"https:\/\/www.jesusnazareno.com\/425\/programa-de-las-fiestas-votivas-de-mayo-2026\/\">Programa de las Fiestas Votivas de Mayo 2026<\/a><\/h2><div class=\"et_pb_slide_content\"><p class=\"post-meta\">por <span class=\"author vcard\"><a href=\"https:\/\/www.jesusnazareno.com\/425\/author\/admin\/\" title=\"Mensajes de admin\" rel=\"author\">admin<\/a><\/span> | <span class=\"published\">19\/05\/2026<\/span> | <a href=\"https:\/\/www.jesusnazareno.com\/425\/category\/cultos\/\" rel=\"category tag\">Cultos y misas<\/a>, <a href=\"https:\/\/www.jesusnazareno.com\/425\/category\/general\/\" rel=\"category tag\">General<\/a>, <a href=\"https:\/\/www.jesusnazareno.com\/425\/category\/mayo\/\" rel=\"category tag\">Mayo<\/a> | 0 Comments<\/p><div><p>Fiestas Votivas 2026. \u00a0Programa de las Fiestas Votivas de la Cofrad\u00eda y Hermandad de Jes\u00fas Nazareno. Mayo 2026<\/p>\n<\/div><\/div><div class=\"et_pb_button_wrapper\"><a class=\"et_pb_button et_pb_more_button\" href=\"https:\/\/www.jesusnazareno.com\/425\/programa-de-las-fiestas-votivas-de-mayo-2026\/\">Read More<\/a><\/div><\/div><\/div><\/div><\/div><div class=\"et_pb_slide et_pb_slide_with_no_image et_pb_post_slide-55599\" style=\"background-image:url(https:\/\/www.jesusnazareno.com\/425\/wp-content\/uploads\/2026\/05\/Logo-web-boletin_26.jpg)\"><div class=\"et_pb_slide_overlay_container\"><\/div><div class=\"et_pb_container clearfix\"><div class=\"et_pb_slider_container_inner\"><div class=\"et_pb_slide_description\"><h2 class=\"et_pb_slide_title\"><a href=\"https:\/\/www.jesusnazareno.com\/425\/boletin-de-informacion-nazarena-mayo-2026\/\">Bolet\u00edn de Informaci\u00f3n Nazarena. Mayo 2026<\/a><\/h2><div class=\"et_pb_slide_content\"><p class=\"post-meta\">por <span class=\"author vcard\"><a href=\"https:\/\/www.jesusnazareno.com\/425\/author\/admin\/\" title=\"Mensajes de admin\" rel=\"author\">admin<\/a><\/span> | <span class=\"published\">19\/05\/2026<\/span> | <a href=\"https:\/\/www.jesusnazareno.com\/425\/category\/articulos\/\" rel=\"category tag\">Art\u00edculos<\/a>, <a href=\"https:\/\/www.jesusnazareno.com\/425\/category\/cultos\/\" rel=\"category tag\">Cultos y misas<\/a>, <a href=\"https:\/\/www.jesusnazareno.com\/425\/category\/general\/\" rel=\"category tag\">General<\/a>, <a href=\"https:\/\/www.jesusnazareno.com\/425\/category\/mayo\/\" rel=\"category tag\">Mayo<\/a> | 0 Comments<\/p><div><p>Noticias de la Hermandad. \u00a0Bolet\u00edn de Informaci\u00f3n Nazarena de la Cofrad\u00eda y Hermandad de Jes\u00fas Nazareno. Mayo 2026 \u00a1YA PUEDES LEER EL BOLET\u00cdN NAZARENO 2026!\u00a0 Presentamos el nuevo n\u00famero de nuestro bolet\u00edn informativo, titulado \u201cUn a\u00f1o bajo la mirada del Nazareno\u201d,&#8230;<\/p>\n<\/div><\/div><div class=\"et_pb_button_wrapper\"><a class=\"et_pb_button et_pb_more_button\" href=\"https:\/\/www.jesusnazareno.com\/425\/boletin-de-informacion-nazarena-mayo-2026\/\">Read More<\/a><\/div><\/div><\/div><\/div><\/div><div class=\"et_pb_slide et_pb_slide_with_no_image et_pb_post_slide-55580\" style=\"background-image:url(https:\/\/www.jesusnazareno.com\/425\/wp-content\/uploads\/2026\/03\/peq_penitente_26.jpg)\"><div class=\"et_pb_slide_overlay_container\"><\/div><div class=\"et_pb_container clearfix\"><div class=\"et_pb_slider_container_inner\"><div class=\"et_pb_slide_description\"><h2 class=\"et_pb_slide_title\"><a href=\"https:\/\/www.jesusnazareno.com\/425\/peq-penitente\/\">Bases XV Concurso de Dibujo el \u00abPeque\u00f1o Penitente 2026\u00bb<\/a><\/h2><div class=\"et_pb_slide_content\"><p class=\"post-meta\">por <span class=\"author vcard\"><a href=\"https:\/\/www.jesusnazareno.com\/425\/author\/admin\/\" title=\"Mensajes de admin\" rel=\"author\">admin<\/a><\/span> | <span class=\"published\">23\/03\/2026<\/span> | <a href=\"https:\/\/www.jesusnazareno.com\/425\/category\/cuaresma\/\" rel=\"category tag\">Cuaresma<\/a>, <a href=\"https:\/\/www.jesusnazareno.com\/425\/category\/fotografias\/\" rel=\"category tag\">Fotografias<\/a>, <a href=\"https:\/\/www.jesusnazareno.com\/425\/category\/general\/\" rel=\"category tag\">General<\/a>, <a href=\"https:\/\/www.jesusnazareno.com\/425\/category\/noticias-de-hermandad\/\" rel=\"category tag\">Noticias<\/a>, <a href=\"https:\/\/www.jesusnazareno.com\/425\/category\/semana-santa\/\" rel=\"category tag\">Semana Santa<\/a>, <a href=\"https:\/\/www.jesusnazareno.com\/425\/category\/uncategorized\/\" rel=\"category tag\">Uncategorized<\/a>, <a href=\"https:\/\/www.jesusnazareno.com\/425\/category\/videos\/\" rel=\"category tag\">Videos<\/a>, <a href=\"https:\/\/www.jesusnazareno.com\/425\/category\/vocalia-de-juventud\/\" rel=\"category tag\">Vocal\u00eda de Juventud<\/a> | 0 Comments<\/p><div><p>Bases XV Concurso de Dibujo El Peque\u00f1o Penitente 2026<\/p>\n<\/div><\/div><div class=\"et_pb_button_wrapper\"><a class=\"et_pb_button et_pb_more_button\" href=\"https:\/\/www.jesusnazareno.com\/425\/peq-penitente\/\">Read More<\/a><\/div><\/div><\/div><\/div><\/div><div class=\"et_pb_slide et_pb_slide_with_no_image et_pb_post_slide-55560\" style=\"background-image:url(https:\/\/www.jesusnazareno.com\/425\/wp-content\/uploads\/2026\/03\/Bases_Video_26.jpeg)\"><div class=\"et_pb_slide_overlay_container\"><\/div><div class=\"et_pb_container clearfix\"><div class=\"et_pb_slider_container_inner\"><div class=\"et_pb_slide_description\"><h2 class=\"et_pb_slide_title\"><a href=\"https:\/\/www.jesusnazareno.com\/425\/bases-i-concurso-de-video-2026\/\">Bases I Concurso de Video 2026<\/a><\/h2><div class=\"et_pb_slide_content\"><p class=\"post-meta\">por <span class=\"author vcard\"><a href=\"https:\/\/www.jesusnazareno.com\/425\/author\/admin\/\" title=\"Mensajes de admin\" rel=\"author\">admin<\/a><\/span> | <span class=\"published\">23\/03\/2026<\/span> | <a href=\"https:\/\/www.jesusnazareno.com\/425\/category\/cuaresma\/\" rel=\"category tag\">Cuaresma<\/a>, <a href=\"https:\/\/www.jesusnazareno.com\/425\/category\/fotografias\/\" rel=\"category tag\">Fotografias<\/a>, <a href=\"https:\/\/www.jesusnazareno.com\/425\/category\/general\/\" rel=\"category tag\">General<\/a>, <a href=\"https:\/\/www.jesusnazareno.com\/425\/category\/noticias-de-hermandad\/\" rel=\"category tag\">Noticias<\/a>, <a href=\"https:\/\/www.jesusnazareno.com\/425\/category\/semana-santa\/\" rel=\"category tag\">Semana Santa<\/a>, <a href=\"https:\/\/www.jesusnazareno.com\/425\/category\/videos\/\" rel=\"category tag\">Videos<\/a> | 0 Comments<\/p><div><p>Bases del I Concurso de V\u00eddeo 2026<\/p>\n<\/div><\/div><div class=\"et_pb_button_wrapper\"><a class=\"et_pb_button et_pb_more_button\" href=\"https:\/\/www.jesusnazareno.com\/425\/bases-i-concurso-de-video-2026\/\">Read More<\/a><\/div><\/div><\/div><\/div><\/div><div class=\"et_pb_slide et_pb_slide_with_no_image et_pb_post_slide-55551\" style=\"background-image:url(https:\/\/www.jesusnazareno.com\/425\/wp-content\/uploads\/2026\/03\/Concurso_Fotos_26.jpeg)\"><div class=\"et_pb_slide_overlay_container\"><\/div><div class=\"et_pb_container clearfix\"><div class=\"et_pb_slider_container_inner\"><div class=\"et_pb_slide_description\"><h2 class=\"et_pb_slide_title\"><a href=\"https:\/\/www.jesusnazareno.com\/425\/bases-concurso-de-fotografia-2026\/\">Bases XXVIII Concurso de Fotograf\u00eda 2026<\/a><\/h2><div class=\"et_pb_slide_content\"><p class=\"post-meta\">por <span class=\"author vcard\"><a href=\"https:\/\/www.jesusnazareno.com\/425\/author\/admin\/\" title=\"Mensajes de admin\" rel=\"author\">admin<\/a><\/span> | <span class=\"published\">23\/03\/2026<\/span> | <a href=\"https:\/\/www.jesusnazareno.com\/425\/category\/cuaresma\/\" rel=\"category tag\">Cuaresma<\/a>, <a href=\"https:\/\/www.jesusnazareno.com\/425\/category\/fotografias\/\" rel=\"category tag\">Fotografias<\/a>, <a href=\"https:\/\/www.jesusnazareno.com\/425\/category\/general\/\" rel=\"category tag\">General<\/a>, <a href=\"https:\/\/www.jesusnazareno.com\/425\/category\/noticias-de-hermandad\/\" rel=\"category tag\">Noticias<\/a>, <a href=\"https:\/\/www.jesusnazareno.com\/425\/category\/semana-santa\/\" rel=\"category tag\">Semana Santa<\/a> | 0 Comments<\/p><div><p>Bases del Concurso de Fotograf\u00eda 2026<\/p>\n<\/div><\/div><div class=\"et_pb_button_wrapper\"><a class=\"et_pb_button et_pb_more_button\" href=\"https:\/\/www.jesusnazareno.com\/425\/bases-concurso-de-fotografia-2026\/\">Read More<\/a><\/div><\/div><\/div><\/div><\/div><div class=\"et_pb_slide et_pb_slide_with_no_image et_pb_post_slide-55511\" style=\"background-image:url(https:\/\/www.jesusnazareno.com\/425\/wp-content\/uploads\/2026\/03\/Logo-web-nuevo-2026.png)\"><div class=\"et_pb_slide_overlay_container\"><\/div><div class=\"et_pb_container clearfix\"><div class=\"et_pb_slider_container_inner\"><div class=\"et_pb_slide_description\"><h2 class=\"et_pb_slide_title\"><a href=\"https:\/\/www.jesusnazareno.com\/425\/revista-nazarena-cuaresma-2026\/\">Revista Nazarena. Cuaresma 2026<\/a><\/h2><div class=\"et_pb_slide_content\"><p class=\"post-meta\">por <span class=\"author vcard\"><a href=\"https:\/\/www.jesusnazareno.com\/425\/author\/admin\/\" title=\"Mensajes de admin\" rel=\"author\">admin<\/a><\/span> | <span class=\"published\">10\/03\/2026<\/span> | <a href=\"https:\/\/www.jesusnazareno.com\/425\/category\/cuaresma\/\" rel=\"category tag\">Cuaresma<\/a>, <a href=\"https:\/\/www.jesusnazareno.com\/425\/category\/general\/\" rel=\"category tag\">General<\/a>, <a href=\"https:\/\/www.jesusnazareno.com\/425\/category\/semana-santa\/\" rel=\"category tag\">Semana Santa<\/a> | 0 Comments<\/p><div><p>Presentamos la Edici\u00f3n Especial N\u00ba 50 de la Revista \u00abJes\u00fas Nazareno\u00bb \u2013 Semana Santa 2026. Con gran alegr\u00eda y orgullo, compartimos la edici\u00f3n n\u00famero 50 de nuestra revista oficial, un hito que representa \u00abcasi medio siglo de palabras e im\u00e1genes\u00bb dedicadas a narrar la fe&#8230;<\/p>\n<\/div><\/div><div class=\"et_pb_button_wrapper\"><a class=\"et_pb_button et_pb_more_button\" href=\"https:\/\/www.jesusnazareno.com\/425\/revista-nazarena-cuaresma-2026\/\">Read More<\/a><\/div><\/div><\/div><\/div><\/div><div class=\"et_pb_slide et_pb_slide_with_no_image et_pb_post_slide-55456\" style=\"background-image:url(https:\/\/www.jesusnazareno.com\/425\/wp-content\/uploads\/2026\/03\/Quinario-Virgen-2026.jpg)\"><div class=\"et_pb_slide_overlay_container\"><\/div><div class=\"et_pb_container clearfix\"><div class=\"et_pb_slider_container_inner\"><div class=\"et_pb_slide_description\"><h2 class=\"et_pb_slide_title\"><a href=\"https:\/\/www.jesusnazareno.com\/425\/solemne-triduo-en-honor-a-marias-stma-de-los-dolores-nazarena-cuaresma-2026\/\">Solemne Triduo en Honor a Mar\u00eda Stma. de los Dolores Nazarena. Cuaresma 2026.<\/a><\/h2><div class=\"et_pb_slide_content\"><p class=\"post-meta\">por <span class=\"author vcard\"><a href=\"https:\/\/www.jesusnazareno.com\/425\/author\/admin\/\" title=\"Mensajes de admin\" rel=\"author\">admin<\/a><\/span> | <span class=\"published\">10\/03\/2026<\/span> | <a href=\"https:\/\/www.jesusnazareno.com\/425\/category\/cuaresma\/\" rel=\"category tag\">Cuaresma<\/a>, <a href=\"https:\/\/www.jesusnazareno.com\/425\/category\/cultos\/\" rel=\"category tag\">Cultos y misas<\/a>, <a href=\"https:\/\/www.jesusnazareno.com\/425\/category\/noticias-de-hermandad\/\" rel=\"category tag\">Noticias<\/a>, <a href=\"https:\/\/www.jesusnazareno.com\/425\/category\/semana-santa\/\" rel=\"category tag\">Semana Santa<\/a> | 0 Comments<\/p><div><p>Solemne Triduo en Honor a Nuestra venerada Titular Mar\u00eda Sant\u00edsima de los Dolores Nazarena los d\u00edas 25, 26 y 27 de marzo, comenzando a las 19,30h de la tarde en la Capilla de nuestra Cofrad\u00eda y Hermandad en la Iglesia de San Francisco. Con el siguiente orden de&#8230;<\/p>\n<\/div><\/div><div class=\"et_pb_button_wrapper\"><a class=\"et_pb_button et_pb_more_button\" href=\"https:\/\/www.jesusnazareno.com\/425\/solemne-triduo-en-honor-a-marias-stma-de-los-dolores-nazarena-cuaresma-2026\/\">Read More<\/a><\/div><\/div><\/div><\/div><\/div><div class=\"et_pb_slide et_pb_slide_with_no_image et_pb_post_slide-55402\" style=\"background-image:url(https:\/\/www.jesusnazareno.com\/425\/wp-content\/uploads\/2026\/03\/Cartel-Quinario-Jesus-2026.jpg)\"><div class=\"et_pb_slide_overlay_container\"><\/div><div class=\"et_pb_container clearfix\"><div class=\"et_pb_slider_container_inner\"><div class=\"et_pb_slide_description\"><h2 class=\"et_pb_slide_title\"><a href=\"https:\/\/www.jesusnazareno.com\/425\/quinario-en-honor-a-ntro-padre-jesus-nazareno-cuaresma-2026\/\">Quinario en Honor a Ntro. Padre Jes\u00fas Nazareno. Cuaresma 2026.<\/a><\/h2><div class=\"et_pb_slide_content\"><p class=\"post-meta\">por <span class=\"author vcard\"><a href=\"https:\/\/www.jesusnazareno.com\/425\/author\/admin\/\" title=\"Mensajes de admin\" rel=\"author\">admin<\/a><\/span> | <span class=\"published\">06\/02\/2026<\/span> | <a href=\"https:\/\/www.jesusnazareno.com\/425\/category\/cuaresma\/\" rel=\"category tag\">Cuaresma<\/a>, <a href=\"https:\/\/www.jesusnazareno.com\/425\/category\/cultos\/\" rel=\"category tag\">Cultos y misas<\/a>, <a href=\"https:\/\/www.jesusnazareno.com\/425\/category\/semana-santa\/\" rel=\"category tag\">Semana Santa<\/a> | 0 Comments<\/p><div><p>Celebraci\u00f3n Solemne Quinario en Honor a Nuestro Padre\u00a0Jes\u00fas Nazareno\u00a0los\u00a0viernes 20 y 27 de febrero, 6, 13, y 20\u00a0de marzo, comenzando a las\u00a07,30h de la tarde\u00a0en la\u00a0capilla de nuestra Cofrad\u00eda y Hermandad en la Iglesia de San Francisco. Con el siguiente orden de&#8230;<\/p>\n<\/div><\/div><div class=\"et_pb_button_wrapper\"><a class=\"et_pb_button et_pb_more_button\" href=\"https:\/\/www.jesusnazareno.com\/425\/quinario-en-honor-a-ntro-padre-jesus-nazareno-cuaresma-2026\/\">Read More<\/a><\/div><\/div><\/div><\/div><\/div><\/div><\/div><\/div>","protected":false},"excerpt":{"rendered":"","protected":false},"author":1,"featured_media":0,"parent":0,"menu_order":0,"comment_status":"closed","ping_status":"closed","template":"","meta":{"footnotes":""},"class_list":["post-47435","page","type-page","status-publish","hentry"],"_links":{"self":[{"href":"https:\/\/www.jesusnazareno.com\/425\/wp-json\/wp\/v2\/pages\/47435","targetHints":{"allow":["GET"]}}],"collection":[{"href":"https:\/\/www.jesusnazareno.com\/425\/wp-json\/wp\/v2\/pages"}],"about":[{"href":"https:\/\/www.jesusnazareno.com\/425\/wp-json\/wp\/v2\/types\/page"}],"author":[{"embeddable":true,"href":"https:\/\/www.jesusnazareno.com\/425\/wp-json\/wp\/v2\/users\/1"}],"replies":[{"embeddable":true,"href":"https:\/\/www.jesusnazareno.com\/425\/wp-json\/wp\/v2\/comments?post=47435"}],"version-history":[{"count":6,"href":"https:\/\/www.jesusnazareno.com\/425\/wp-json\/wp\/v2\/pages\/47435\/revisions"}],"predecessor-version":[{"id":55219,"href":"https:\/\/www.jesusnazareno.com\/425\/wp-json\/wp\/v2\/pages\/47435\/revisions\/55219"}],"wp:attachment":[{"href":"https:\/\/www.jesusnazareno.com\/425\/wp-json\/wp\/v2\/media?parent=47435"}],"curies":[{"name":"wp","href":"https:\/\/api.w.org\/{rel}","templated":true}]}}