{"id":47631,"date":"2017-11-06T04:44:23","date_gmt":"2017-11-05T18:44:23","guid":{"rendered":"http:\/\/www.jesusnazareno.com\/425\/?page_id=47631"},"modified":"2025-12-02T13:44:57","modified_gmt":"2025-12-02T12:44:57","slug":"san-juanico","status":"publish","type":"page","link":"https:\/\/www.jesusnazareno.com\/425\/san-juanico\/","title":{"rendered":"San Juanico"},"content":{"rendered":"<div class=\"et_pb_section_0 et_pb_section et_pb_fullwidth_section et_section_regular et_block_section\"><section class=\"et_pb_fullwidth_header_0 et_pb_fullwidth_header et_pb_bg_layout_dark et_pb_text_align_left et_pb_module et_flex_module\"><div class=\"et_pb_fullwidth_header_container left\"><div class=\"header-content-container center\"><div class=\"header-content et_flex_module\"><h1 class=\"et_pb_module_header\">San Juanico<\/h1><span class=\"et_pb_fullwidth_header_subhead\">La Imagen de San Juan Evangelista de Priego de C\u00f3rdoba.<\/span><div class=\"et_pb_header_button_wrapper\"><\/div><\/div><\/div><\/div><div class=\"et_pb_fullwidth_header_overlay\"><\/div><div class=\"et_pb_fullwidth_header_scroll\"><\/div><\/section><\/div><div class=\"et_pb_section_1 et_pb_section et_section_regular et_block_section\"><div class=\"et_pb_row_0 et_pb_row et_pb_gutters3 et_block_row\"><div class=\"et_pb_column_0 et_pb_column et_pb_column_1_2 et_block_column et_pb_css_mix_blend_mode_passthrough\"><div class=\"et_pb_image_0 et_pb_image et_pb_module et_flex_module\"><span class=\"et_pb_image_wrap\"><img loading=\"lazy\" decoding=\"async\" src=\"https:\/\/www.jesusnazareno.com\/425\/wp-content\/uploads\/2017\/11\/San-Juan-11.jpg\" width=\"1772\" height=\"2362\" srcset=\"https:\/\/www.jesusnazareno.com\/425\/wp-content\/uploads\/2017\/11\/San-Juan-11.jpg 1772w, https:\/\/www.jesusnazareno.com\/425\/wp-content\/uploads\/2017\/11\/San-Juan-11-600x800.jpg 600w, https:\/\/www.jesusnazareno.com\/425\/wp-content\/uploads\/2017\/11\/San-Juan-11-225x300.jpg 225w, https:\/\/www.jesusnazareno.com\/425\/wp-content\/uploads\/2017\/11\/San-Juan-11-768x1024.jpg 768w, https:\/\/www.jesusnazareno.com\/425\/wp-content\/uploads\/2017\/11\/San-Juan-11-1080x1440.jpg 1080w\" sizes=\"(max-width: 1772px) 100vw, 1772px\" class=\"wp-image-48996\" \/><\/span><\/div><\/div><div class=\"et_pb_column_1 et_pb_column et_pb_column_1_2 et-last-child et_block_column et_pb_css_mix_blend_mode_passthrough\"><div class=\"et_pb_text_0 et_pb_text et_pb_bg_layout_light et_pb_module et_flex_module\"><div class=\"et_pb_text_inner\"><blockquote>\n<h2 style=\"text-align: justify;\">San Juan Evangelista<\/h2>\n<p style=\"text-align: justify;\">Formaba parte del patrimonio art\u00edstico de la cofrad\u00eda desde su fundaci\u00f3n. Es una talla de madera policromada (156 x 60) atribuida a Pablo de Rojas y fechada en torno a 1592.\u00a0<\/p>\n<p style=\"text-align: justify;\">\n<p style=\"text-align: justify;\">\u00a0<\/p>\n<p style=\"text-align: justify;\">Viste una t\u00fanica verde hasta los pies \u00a0rematada en el borde inferior con unos pliegues de dibujos florales de color dorado. Sobre el hombro izquierdo lleva un manto rojo con los laterales doblados, que le cubre el brazo, dej\u00e1ndole descubierta la mano izquierda, que descansa sobre el pecho. En la mano derecha lleva una pluma, atributo de los evangelistas y en las salidas procesionales se suele sustituir por una palma del Domingo de Ramos. La cabeza inclinada levemente hacia el lado izquierdo, tiene el pelo negro tallado, peinado en mechones detr\u00e1s de las orejas, semejante a la imagen de Jes\u00fas Nazareno. El rostro es de juveniles facciones acentuadas por\u00a0 una suave y blanda policrom\u00eda, que resaltan una mirada ausente a la vez que suplicante.<\/p>\n<p style=\"text-align: justify;\">\u00a0<\/p>\n<p style=\"text-align: justify;\">Est\u00e1 situado en una hornacina\u00a0 del lado de la ep\u00edstola en la capilla de Jes\u00fas Nazareno. Su \u00faltima restauraci\u00f3n fue en el 2013 en los talleres de arte sevillano de D. Pedro E. Manzano.<\/p>\n<p style=\"text-align: right;\"><strong>\u00a0<\/strong><\/p>\n<p style=\"text-align: right;\"><strong>Candelaria Alf\u00e9rez Molina<\/strong><\/p>\n<p style=\"text-align: right;\"><strong>\u00a0 \u00a0 \u00a0 \u00a0 \u00a0 \u00a0 \u00a0 \u00a0 \u00a0 \u00a0 \u00a0 \u00a0 \u00a0 \u00a0 \u00a0 \u00a0 \u00a0 \u00a0 \u00a0 \u00a0 \u00a0 \u00a0 \u00a0 \u00a0 \u00a0 \u00a0 \u00a0 \u00a0 \u00a0 \u00a0 \u00a0 \u00a0 \u00a0 \u00a0 \u00a0 \u00a0 \u00a0 \u00a0 \u00a0 \u00a0 \u00a0 <\/strong>Doctora en Humanidades<\/p>\n<\/blockquote>\n<\/div><\/div><\/div><\/div><div class=\"et_pb_row_1 et_pb_row et_pb_gutters3 et_block_row\"><div class=\"et_pb_column_2 et_pb_column et_pb_column_4_4 et-last-child et_block_column et_pb_css_mix_blend_mode_passthrough\"><div class=\"et_pb_text_1 et_pb_text et_pb_bg_layout_light et_pb_module et_flex_module\"><div class=\"et_pb_text_inner\"><pre><strong>Fotograf\u00edas: Maril\u00f3 Vigo<\/strong><\/pre>\n<\/div><\/div><div class=\"et_pb_gallery_0 et_pb_gallery et_pb_bg_layout_light et_pb_gallery_grid et_pb_module\" data-auto-rotate=\"off\" data-auto-rotate-speed=\"\"><div class=\"et_pb_gallery_items et_post_gallery clearfix et_block_module\" data-per_page=\"4\"><div class=\"et_pb_gallery_item et_pb_grid_item et_pb_gallery_item_0_0\"><div class=\"et_pb_gallery_image landscape\" data-per_page=\"4\"><a href=\"https:\/\/www.jesusnazareno.com\/425\/wp-content\/uploads\/2017\/11\/MG_7378-scaled.jpg\" title=\"_MG_7378\"><img loading=\"lazy\" decoding=\"async\" width=\"400\" height=\"284\" src=\"https:\/\/www.jesusnazareno.com\/425\/wp-content\/uploads\/2017\/11\/MG_7378-400x284.jpg\" alt=\"\" class=\"wp-image-48998\" srcset=\"https:\/\/www.jesusnazareno.com\/425\/wp-content\/uploads\/2017\/11\/MG_7378-scaled.jpg 479w, https:\/\/www.jesusnazareno.com\/425\/wp-content\/uploads\/2017\/11\/MG_7378-400x284.jpg 480w\" sizes=\"(max-width:479px) 479px, 100vw\" \/><span class=\"et_overlay\" data-icon=\"\" data-icon-tablet=\"\" data-icon-phone=\"\"><\/span><\/a><\/div><\/div><div class=\"et_pb_gallery_item et_pb_grid_item et_pb_gallery_item_0_1\"><div class=\"et_pb_gallery_image landscape\" data-per_page=\"4\"><a href=\"https:\/\/www.jesusnazareno.com\/425\/wp-content\/uploads\/2017\/11\/Nazareno-2011126.jpg\" title=\"Nazareno 2011126\"><img loading=\"lazy\" decoding=\"async\" width=\"400\" height=\"284\" src=\"https:\/\/www.jesusnazareno.com\/425\/wp-content\/uploads\/2017\/11\/Nazareno-2011126-400x284.jpg\" alt=\"\" class=\"wp-image-49002\" srcset=\"https:\/\/www.jesusnazareno.com\/425\/wp-content\/uploads\/2017\/11\/Nazareno-2011126.jpg 479w, https:\/\/www.jesusnazareno.com\/425\/wp-content\/uploads\/2017\/11\/Nazareno-2011126-400x284.jpg 480w\" sizes=\"(max-width:479px) 479px, 100vw\" \/><span class=\"et_overlay\" data-icon=\"\" data-icon-tablet=\"\" data-icon-phone=\"\"><\/span><\/a><\/div><\/div><div class=\"et_pb_gallery_item et_pb_grid_item et_pb_gallery_item_0_2\"><div class=\"et_pb_gallery_image landscape\" data-per_page=\"4\"><a href=\"https:\/\/www.jesusnazareno.com\/425\/wp-content\/uploads\/2017\/11\/MG_7390.jpg\" title=\"_MG_7390\"><img loading=\"lazy\" decoding=\"async\" width=\"400\" height=\"284\" src=\"https:\/\/www.jesusnazareno.com\/425\/wp-content\/uploads\/2017\/11\/MG_7390-400x284.jpg\" alt=\"\" class=\"wp-image-48999\" srcset=\"https:\/\/www.jesusnazareno.com\/425\/wp-content\/uploads\/2017\/11\/MG_7390.jpg 479w, https:\/\/www.jesusnazareno.com\/425\/wp-content\/uploads\/2017\/11\/MG_7390-400x284.jpg 480w\" sizes=\"(max-width:479px) 479px, 100vw\" \/><span class=\"et_overlay\" data-icon=\"\" data-icon-tablet=\"\" data-icon-phone=\"\"><\/span><\/a><\/div><\/div><div class=\"et_pb_gallery_item et_pb_grid_item et_pb_gallery_item_0_3\"><div class=\"et_pb_gallery_image landscape\" data-per_page=\"4\"><a href=\"https:\/\/www.jesusnazareno.com\/425\/wp-content\/uploads\/2017\/11\/MG_7358.jpg\" title=\"_MG_7358\"><img loading=\"lazy\" decoding=\"async\" width=\"400\" height=\"284\" src=\"https:\/\/www.jesusnazareno.com\/425\/wp-content\/uploads\/2017\/11\/MG_7358-400x284.jpg\" alt=\"\" class=\"wp-image-48997\" srcset=\"https:\/\/www.jesusnazareno.com\/425\/wp-content\/uploads\/2017\/11\/MG_7358.jpg 479w, https:\/\/www.jesusnazareno.com\/425\/wp-content\/uploads\/2017\/11\/MG_7358-400x284.jpg 480w\" sizes=\"(max-width:479px) 479px, 100vw\" \/><span class=\"et_overlay\" data-icon=\"\" data-icon-tablet=\"\" data-icon-phone=\"\"><\/span><\/a><\/div><\/div><div class=\"et_pb_gallery_item et_pb_grid_item et_pb_gallery_item_0_4\"><div class=\"et_pb_gallery_image landscape\" data-per_page=\"4\"><a href=\"https:\/\/www.jesusnazareno.com\/425\/wp-content\/uploads\/2017\/11\/MG_7416-scaled.jpg\" title=\"_MG_7416\"><img loading=\"lazy\" decoding=\"async\" width=\"1707\" height=\"2560\" src=\"https:\/\/www.jesusnazareno.com\/425\/wp-content\/uploads\/2017\/11\/MG_7416-scaled.jpg\" alt=\"\" class=\"wp-image-49000\" srcset=\"https:\/\/www.jesusnazareno.com\/425\/wp-content\/uploads\/2017\/11\/MG_7416-scaled.jpg 479w, https:\/\/www.jesusnazareno.com\/425\/wp-content\/uploads\/2017\/11\/MG_7416-scaled.jpg 480w\" sizes=\"(max-width:479px) 479px, 100vw\" \/><span class=\"et_overlay\" data-icon=\"\" data-icon-tablet=\"\" data-icon-phone=\"\"><\/span><\/a><\/div><\/div><div class=\"et_pb_gallery_item et_pb_grid_item et_pb_gallery_item_0_5\"><div class=\"et_pb_gallery_image landscape\" data-per_page=\"4\"><a href=\"https:\/\/www.jesusnazareno.com\/425\/wp-content\/uploads\/2017\/11\/00068.jpg\" title=\"00068\"><img loading=\"lazy\" decoding=\"async\" width=\"400\" height=\"284\" src=\"https:\/\/www.jesusnazareno.com\/425\/wp-content\/uploads\/2017\/11\/00068-400x284.jpg\" alt=\"\" class=\"wp-image-49001\" srcset=\"https:\/\/www.jesusnazareno.com\/425\/wp-content\/uploads\/2017\/11\/00068.jpg 479w, https:\/\/www.jesusnazareno.com\/425\/wp-content\/uploads\/2017\/11\/00068-400x284.jpg 480w\" sizes=\"(max-width:479px) 479px, 100vw\" \/><span class=\"et_overlay\" data-icon=\"\" data-icon-tablet=\"\" data-icon-phone=\"\"><\/span><\/a><\/div><\/div><\/div><div class=\"et_pb_gallery_pagination\"><\/div><\/div><\/div><\/div><\/div><div class=\"et_pb_section_2 et_pb_section et_section_regular et_block_section\"><div class=\"et_pb_row_2 et_pb_row et_pb_gutters3 et_block_row\"><div class=\"et_pb_column_3 et_pb_column et_pb_column_4_4 et-last-child et_block_column et_pb_css_mix_blend_mode_passthrough\"><div class=\"et_pb_text_2 et_pb_text et_pb_bg_layout_light et_animated et_pb_module et_flex_module\"><div class=\"et_pb_text_inner\"><p>\u00daltimas Noticias<\/p>\n<\/div><\/div><div class=\"et_pb_divider_0 et_pb_divider et_pb_space et_pb_divider_position_center et_animated et_pb_module\"><div class=\"et_pb_divider_internal\"><\/div><\/div><\/div><\/div><\/div><div class=\"et_pb_section_3 et_pb_section et_pb_fullwidth_section et_section_regular et_block_section\"><div class=\"et_pb_fullwidth_post_slider_0 et_pb_fullwidth_post_slider et_pb_bg_layout_dark et_pb_slider et_pb_post_slider et_pb_post_slider_image_background et_pb_slider_with_overlay et_pb_module\"><div class=\"et_pb_slides\"><div class=\"et_pb_slide et_pb_slide_with_no_image et_pb_post_slide-55649\" style=\"background-image:url(https:\/\/www.jesusnazareno.com\/425\/wp-content\/uploads\/2026\/03\/Logo-web-nuevo-2026.png)\"><div class=\"et_pb_slide_overlay_container\"><\/div><div class=\"et_pb_container clearfix\"><div class=\"et_pb_slider_container_inner\"><div class=\"et_pb_slide_description\"><h2 class=\"et_pb_slide_title\"><a href=\"https:\/\/www.jesusnazareno.com\/425\/cartel-fiestas-votivas-mayo-2026\/\">Cartel Fiestas Votivas Mayo 2026<\/a><\/h2><div class=\"et_pb_slide_content\"><p class=\"post-meta\">por <span class=\"author vcard\"><a href=\"https:\/\/www.jesusnazareno.com\/425\/author\/admin\/\" title=\"Mensajes de admin\" rel=\"author\">admin<\/a><\/span> | <span class=\"published\">25\/05\/2026<\/span> | <a href=\"https:\/\/www.jesusnazareno.com\/425\/category\/fotografias\/\" rel=\"category tag\">Fotografias<\/a>, <a href=\"https:\/\/www.jesusnazareno.com\/425\/category\/general\/\" rel=\"category tag\">General<\/a>, <a href=\"https:\/\/www.jesusnazareno.com\/425\/category\/mayo\/\" rel=\"category tag\">Mayo<\/a> | 0 Comments<\/p><div><p>Cartel anunciador de las Fiestas Votivas de Mayo 2026Fotograf\u00eda: Ana Gallego<\/p>\n<\/div><\/div><div class=\"et_pb_button_wrapper\"><a class=\"et_pb_button et_pb_more_button\" href=\"https:\/\/www.jesusnazareno.com\/425\/cartel-fiestas-votivas-mayo-2026\/\">Leer m\u00e1s<\/a><\/div><\/div><\/div><\/div><\/div><div class=\"et_pb_slide et_pb_slide_with_no_image et_pb_post_slide-55635\" style=\"background-image:url(https:\/\/www.jesusnazareno.com\/425\/wp-content\/uploads\/2026\/05\/whatsapp.jpg)\"><div class=\"et_pb_slide_overlay_container\"><\/div><div class=\"et_pb_container clearfix\"><div class=\"et_pb_slider_container_inner\"><div class=\"et_pb_slide_description\"><h2 class=\"et_pb_slide_title\"><a href=\"https:\/\/www.jesusnazareno.com\/425\/whatsapp-de-la-hermandad\/\">Whatsapp de la Hermandad<\/a><\/h2><div class=\"et_pb_slide_content\"><p class=\"post-meta\">por <span class=\"author vcard\"><a href=\"https:\/\/www.jesusnazareno.com\/425\/author\/admin\/\" title=\"Mensajes de admin\" rel=\"author\">admin<\/a><\/span> | <span class=\"published\">19\/05\/2026<\/span> | <a href=\"https:\/\/www.jesusnazareno.com\/425\/category\/general\/\" rel=\"category tag\">General<\/a>, <a href=\"https:\/\/www.jesusnazareno.com\/425\/category\/mayo\/\" rel=\"category tag\">Mayo<\/a>, <a href=\"https:\/\/www.jesusnazareno.com\/425\/category\/noticias-de-hermandad\/\" rel=\"category tag\">Noticias<\/a>, <a href=\"https:\/\/www.jesusnazareno.com\/425\/category\/reuniones\/\" rel=\"category tag\">Reuniones<\/a>, <a href=\"https:\/\/www.jesusnazareno.com\/425\/category\/secretaria\/\" rel=\"category tag\">Secretaria<\/a>, <a href=\"https:\/\/www.jesusnazareno.com\/425\/category\/semana-santa\/\" rel=\"category tag\">Semana Santa<\/a>, <a href=\"https:\/\/www.jesusnazareno.com\/425\/category\/tesoreria\/\" rel=\"category tag\">Tesorer\u00eda<\/a> | 0 Comments<\/p><div><p>Canal de Comunicaci\u00f3n de la Cofrad\u00eda y Hermandad.\u00a0Si quieres estar informado de toda la actualidad de la Cofrad\u00eda y Hermandad, date de alta en nuestro canal de informaci\u00f3n a trav\u00e9s de Whastapp siguiendo las siguientes indicaciones: Graba el tel\u00e9fono 640 797 070 en tus&#8230;<\/p>\n<\/div><\/div><div class=\"et_pb_button_wrapper\"><a class=\"et_pb_button et_pb_more_button\" href=\"https:\/\/www.jesusnazareno.com\/425\/whatsapp-de-la-hermandad\/\">Leer m\u00e1s<\/a><\/div><\/div><\/div><\/div><\/div><div class=\"et_pb_slide et_pb_slide_with_no_image et_pb_post_slide-55591\" style=\"background-image:url(https:\/\/www.jesusnazareno.com\/425\/wp-content\/uploads\/2026\/05\/Programa-mayo-26-1.jpg)\"><div class=\"et_pb_slide_overlay_container\"><\/div><div class=\"et_pb_container clearfix\"><div class=\"et_pb_slider_container_inner\"><div class=\"et_pb_slide_description\"><h2 class=\"et_pb_slide_title\"><a href=\"https:\/\/www.jesusnazareno.com\/425\/programa-de-las-fiestas-votivas-de-mayo-2026\/\">Programa de las Fiestas Votivas de Mayo 2026<\/a><\/h2><div class=\"et_pb_slide_content\"><p class=\"post-meta\">por <span class=\"author vcard\"><a href=\"https:\/\/www.jesusnazareno.com\/425\/author\/admin\/\" title=\"Mensajes de admin\" rel=\"author\">admin<\/a><\/span> | <span class=\"published\">19\/05\/2026<\/span> | <a href=\"https:\/\/www.jesusnazareno.com\/425\/category\/cultos\/\" rel=\"category tag\">Cultos y misas<\/a>, <a href=\"https:\/\/www.jesusnazareno.com\/425\/category\/general\/\" rel=\"category tag\">General<\/a>, <a href=\"https:\/\/www.jesusnazareno.com\/425\/category\/mayo\/\" rel=\"category tag\">Mayo<\/a> | 0 Comments<\/p><div><p>Fiestas Votivas 2026. \u00a0Programa de las Fiestas Votivas de la Cofrad\u00eda y Hermandad de Jes\u00fas Nazareno. Mayo 2026<\/p>\n<\/div><\/div><div class=\"et_pb_button_wrapper\"><a class=\"et_pb_button et_pb_more_button\" href=\"https:\/\/www.jesusnazareno.com\/425\/programa-de-las-fiestas-votivas-de-mayo-2026\/\">Leer m\u00e1s<\/a><\/div><\/div><\/div><\/div><\/div><div class=\"et_pb_slide et_pb_slide_with_no_image et_pb_post_slide-55599\" style=\"background-image:url(https:\/\/www.jesusnazareno.com\/425\/wp-content\/uploads\/2026\/05\/Logo-web-boletin_26.jpg)\"><div class=\"et_pb_slide_overlay_container\"><\/div><div class=\"et_pb_container clearfix\"><div class=\"et_pb_slider_container_inner\"><div class=\"et_pb_slide_description\"><h2 class=\"et_pb_slide_title\"><a href=\"https:\/\/www.jesusnazareno.com\/425\/boletin-de-informacion-nazarena-mayo-2026\/\">Bolet\u00edn de Informaci\u00f3n Nazarena. Mayo 2026<\/a><\/h2><div class=\"et_pb_slide_content\"><p class=\"post-meta\">por <span class=\"author vcard\"><a href=\"https:\/\/www.jesusnazareno.com\/425\/author\/admin\/\" title=\"Mensajes de admin\" rel=\"author\">admin<\/a><\/span> | <span class=\"published\">19\/05\/2026<\/span> | <a href=\"https:\/\/www.jesusnazareno.com\/425\/category\/articulos\/\" rel=\"category tag\">Art\u00edculos<\/a>, <a href=\"https:\/\/www.jesusnazareno.com\/425\/category\/cultos\/\" rel=\"category tag\">Cultos y misas<\/a>, <a href=\"https:\/\/www.jesusnazareno.com\/425\/category\/general\/\" rel=\"category tag\">General<\/a>, <a href=\"https:\/\/www.jesusnazareno.com\/425\/category\/mayo\/\" rel=\"category tag\">Mayo<\/a> | 0 Comments<\/p><div><p>Noticias de la Hermandad. \u00a0Bolet\u00edn de Informaci\u00f3n Nazarena de la Cofrad\u00eda y Hermandad de Jes\u00fas Nazareno. Mayo 2026 \u00a1YA PUEDES LEER EL BOLET\u00cdN NAZARENO 2026!\u00a0 Presentamos el nuevo n\u00famero de nuestro bolet\u00edn informativo, titulado \u201cUn a\u00f1o bajo la mirada del Nazareno\u201d,&#8230;<\/p>\n<\/div><\/div><div class=\"et_pb_button_wrapper\"><a class=\"et_pb_button et_pb_more_button\" href=\"https:\/\/www.jesusnazareno.com\/425\/boletin-de-informacion-nazarena-mayo-2026\/\">Leer m\u00e1s<\/a><\/div><\/div><\/div><\/div><\/div><div class=\"et_pb_slide et_pb_slide_with_no_image et_pb_post_slide-55580\" style=\"background-image:url(https:\/\/www.jesusnazareno.com\/425\/wp-content\/uploads\/2026\/03\/peq_penitente_26.jpg)\"><div class=\"et_pb_slide_overlay_container\"><\/div><div class=\"et_pb_container clearfix\"><div class=\"et_pb_slider_container_inner\"><div class=\"et_pb_slide_description\"><h2 class=\"et_pb_slide_title\"><a href=\"https:\/\/www.jesusnazareno.com\/425\/peq-penitente\/\">Bases XV Concurso de Dibujo el \u00abPeque\u00f1o Penitente 2026\u00bb<\/a><\/h2><div class=\"et_pb_slide_content\"><p class=\"post-meta\">por <span class=\"author vcard\"><a href=\"https:\/\/www.jesusnazareno.com\/425\/author\/admin\/\" title=\"Mensajes de admin\" rel=\"author\">admin<\/a><\/span> | <span class=\"published\">23\/03\/2026<\/span> | <a href=\"https:\/\/www.jesusnazareno.com\/425\/category\/cuaresma\/\" rel=\"category tag\">Cuaresma<\/a>, <a href=\"https:\/\/www.jesusnazareno.com\/425\/category\/fotografias\/\" rel=\"category tag\">Fotografias<\/a>, <a href=\"https:\/\/www.jesusnazareno.com\/425\/category\/general\/\" rel=\"category tag\">General<\/a>, <a href=\"https:\/\/www.jesusnazareno.com\/425\/category\/noticias-de-hermandad\/\" rel=\"category tag\">Noticias<\/a>, <a href=\"https:\/\/www.jesusnazareno.com\/425\/category\/semana-santa\/\" rel=\"category tag\">Semana Santa<\/a>, <a href=\"https:\/\/www.jesusnazareno.com\/425\/category\/uncategorized\/\" rel=\"category tag\">Uncategorized<\/a>, <a href=\"https:\/\/www.jesusnazareno.com\/425\/category\/videos\/\" rel=\"category tag\">Videos<\/a>, <a href=\"https:\/\/www.jesusnazareno.com\/425\/category\/vocalia-de-juventud\/\" rel=\"category tag\">Vocal\u00eda de Juventud<\/a> | 0 Comments<\/p><div><p>Bases XV Concurso de Dibujo El Peque\u00f1o Penitente 2026<\/p>\n<\/div><\/div><div class=\"et_pb_button_wrapper\"><a class=\"et_pb_button et_pb_more_button\" href=\"https:\/\/www.jesusnazareno.com\/425\/peq-penitente\/\">Leer m\u00e1s<\/a><\/div><\/div><\/div><\/div><\/div><div class=\"et_pb_slide et_pb_slide_with_no_image et_pb_post_slide-55560\" style=\"background-image:url(https:\/\/www.jesusnazareno.com\/425\/wp-content\/uploads\/2026\/03\/Bases_Video_26.jpeg)\"><div class=\"et_pb_slide_overlay_container\"><\/div><div class=\"et_pb_container clearfix\"><div class=\"et_pb_slider_container_inner\"><div class=\"et_pb_slide_description\"><h2 class=\"et_pb_slide_title\"><a href=\"https:\/\/www.jesusnazareno.com\/425\/bases-i-concurso-de-video-2026\/\">Bases I Concurso de Video 2026<\/a><\/h2><div class=\"et_pb_slide_content\"><p class=\"post-meta\">por <span class=\"author vcard\"><a href=\"https:\/\/www.jesusnazareno.com\/425\/author\/admin\/\" title=\"Mensajes de admin\" rel=\"author\">admin<\/a><\/span> | <span class=\"published\">23\/03\/2026<\/span> | <a href=\"https:\/\/www.jesusnazareno.com\/425\/category\/cuaresma\/\" rel=\"category tag\">Cuaresma<\/a>, <a href=\"https:\/\/www.jesusnazareno.com\/425\/category\/fotografias\/\" rel=\"category tag\">Fotografias<\/a>, <a href=\"https:\/\/www.jesusnazareno.com\/425\/category\/general\/\" rel=\"category tag\">General<\/a>, <a href=\"https:\/\/www.jesusnazareno.com\/425\/category\/noticias-de-hermandad\/\" rel=\"category tag\">Noticias<\/a>, <a href=\"https:\/\/www.jesusnazareno.com\/425\/category\/semana-santa\/\" rel=\"category tag\">Semana Santa<\/a>, <a href=\"https:\/\/www.jesusnazareno.com\/425\/category\/videos\/\" rel=\"category tag\">Videos<\/a> | 0 Comments<\/p><div><p>Bases del I Concurso de V\u00eddeo 2026<\/p>\n<\/div><\/div><div class=\"et_pb_button_wrapper\"><a class=\"et_pb_button et_pb_more_button\" href=\"https:\/\/www.jesusnazareno.com\/425\/bases-i-concurso-de-video-2026\/\">Leer m\u00e1s<\/a><\/div><\/div><\/div><\/div><\/div><div class=\"et_pb_slide et_pb_slide_with_no_image et_pb_post_slide-55551\" style=\"background-image:url(https:\/\/www.jesusnazareno.com\/425\/wp-content\/uploads\/2026\/03\/Concurso_Fotos_26.jpeg)\"><div class=\"et_pb_slide_overlay_container\"><\/div><div class=\"et_pb_container clearfix\"><div class=\"et_pb_slider_container_inner\"><div class=\"et_pb_slide_description\"><h2 class=\"et_pb_slide_title\"><a href=\"https:\/\/www.jesusnazareno.com\/425\/bases-concurso-de-fotografia-2026\/\">Bases XXVIII Concurso de Fotograf\u00eda 2026<\/a><\/h2><div class=\"et_pb_slide_content\"><p class=\"post-meta\">por <span class=\"author vcard\"><a href=\"https:\/\/www.jesusnazareno.com\/425\/author\/admin\/\" title=\"Mensajes de admin\" rel=\"author\">admin<\/a><\/span> | <span class=\"published\">23\/03\/2026<\/span> | <a href=\"https:\/\/www.jesusnazareno.com\/425\/category\/cuaresma\/\" rel=\"category tag\">Cuaresma<\/a>, <a href=\"https:\/\/www.jesusnazareno.com\/425\/category\/fotografias\/\" rel=\"category tag\">Fotografias<\/a>, <a href=\"https:\/\/www.jesusnazareno.com\/425\/category\/general\/\" rel=\"category tag\">General<\/a>, <a href=\"https:\/\/www.jesusnazareno.com\/425\/category\/noticias-de-hermandad\/\" rel=\"category tag\">Noticias<\/a>, <a href=\"https:\/\/www.jesusnazareno.com\/425\/category\/semana-santa\/\" rel=\"category tag\">Semana Santa<\/a> | 0 Comments<\/p><div><p>Bases del Concurso de Fotograf\u00eda 2026<\/p>\n<\/div><\/div><div class=\"et_pb_button_wrapper\"><a class=\"et_pb_button et_pb_more_button\" href=\"https:\/\/www.jesusnazareno.com\/425\/bases-concurso-de-fotografia-2026\/\">Leer m\u00e1s<\/a><\/div><\/div><\/div><\/div><\/div><div class=\"et_pb_slide et_pb_slide_with_no_image et_pb_post_slide-55511\" style=\"background-image:url(https:\/\/www.jesusnazareno.com\/425\/wp-content\/uploads\/2026\/03\/Logo-web-nuevo-2026.png)\"><div class=\"et_pb_slide_overlay_container\"><\/div><div class=\"et_pb_container clearfix\"><div class=\"et_pb_slider_container_inner\"><div class=\"et_pb_slide_description\"><h2 class=\"et_pb_slide_title\"><a href=\"https:\/\/www.jesusnazareno.com\/425\/revista-nazarena-cuaresma-2026\/\">Revista Nazarena. Cuaresma 2026<\/a><\/h2><div class=\"et_pb_slide_content\"><p class=\"post-meta\">por <span class=\"author vcard\"><a href=\"https:\/\/www.jesusnazareno.com\/425\/author\/admin\/\" title=\"Mensajes de admin\" rel=\"author\">admin<\/a><\/span> | <span class=\"published\">10\/03\/2026<\/span> | <a href=\"https:\/\/www.jesusnazareno.com\/425\/category\/cuaresma\/\" rel=\"category tag\">Cuaresma<\/a>, <a href=\"https:\/\/www.jesusnazareno.com\/425\/category\/general\/\" rel=\"category tag\">General<\/a>, <a href=\"https:\/\/www.jesusnazareno.com\/425\/category\/semana-santa\/\" rel=\"category tag\">Semana Santa<\/a> | 0 Comments<\/p><div><p>Presentamos la Edici\u00f3n Especial N\u00ba 50 de la Revista \u00abJes\u00fas Nazareno\u00bb \u2013 Semana Santa 2026. Con gran alegr\u00eda y orgullo, compartimos la edici\u00f3n n\u00famero 50 de nuestra revista oficial, un hito que representa \u00abcasi medio siglo de palabras e im\u00e1genes\u00bb dedicadas a narrar la fe&#8230;<\/p>\n<\/div><\/div><div class=\"et_pb_button_wrapper\"><a class=\"et_pb_button et_pb_more_button\" href=\"https:\/\/www.jesusnazareno.com\/425\/revista-nazarena-cuaresma-2026\/\">Leer m\u00e1s<\/a><\/div><\/div><\/div><\/div><\/div><div class=\"et_pb_slide et_pb_slide_with_no_image et_pb_post_slide-55456\" style=\"background-image:url(https:\/\/www.jesusnazareno.com\/425\/wp-content\/uploads\/2026\/03\/Quinario-Virgen-2026.jpg)\"><div class=\"et_pb_slide_overlay_container\"><\/div><div class=\"et_pb_container clearfix\"><div class=\"et_pb_slider_container_inner\"><div class=\"et_pb_slide_description\"><h2 class=\"et_pb_slide_title\"><a href=\"https:\/\/www.jesusnazareno.com\/425\/solemne-triduo-en-honor-a-marias-stma-de-los-dolores-nazarena-cuaresma-2026\/\">Solemne Triduo en Honor a Mar\u00eda Stma. de los Dolores Nazarena. Cuaresma 2026.<\/a><\/h2><div class=\"et_pb_slide_content\"><p class=\"post-meta\">por <span class=\"author vcard\"><a href=\"https:\/\/www.jesusnazareno.com\/425\/author\/admin\/\" title=\"Mensajes de admin\" rel=\"author\">admin<\/a><\/span> | <span class=\"published\">10\/03\/2026<\/span> | <a href=\"https:\/\/www.jesusnazareno.com\/425\/category\/cuaresma\/\" rel=\"category tag\">Cuaresma<\/a>, <a href=\"https:\/\/www.jesusnazareno.com\/425\/category\/cultos\/\" rel=\"category tag\">Cultos y misas<\/a>, <a href=\"https:\/\/www.jesusnazareno.com\/425\/category\/noticias-de-hermandad\/\" rel=\"category tag\">Noticias<\/a>, <a href=\"https:\/\/www.jesusnazareno.com\/425\/category\/semana-santa\/\" rel=\"category tag\">Semana Santa<\/a> | 0 Comments<\/p><div><p>Solemne Triduo en Honor a Nuestra venerada Titular Mar\u00eda Sant\u00edsima de los Dolores Nazarena los d\u00edas 25, 26 y 27 de marzo, comenzando a las 19,30h de la tarde en la Capilla de nuestra Cofrad\u00eda y Hermandad en la Iglesia de San Francisco. Con el siguiente orden de&#8230;<\/p>\n<\/div><\/div><div class=\"et_pb_button_wrapper\"><a class=\"et_pb_button et_pb_more_button\" href=\"https:\/\/www.jesusnazareno.com\/425\/solemne-triduo-en-honor-a-marias-stma-de-los-dolores-nazarena-cuaresma-2026\/\">Leer m\u00e1s<\/a><\/div><\/div><\/div><\/div><\/div><div class=\"et_pb_slide et_pb_slide_with_no_image et_pb_post_slide-55402\" style=\"background-image:url(https:\/\/www.jesusnazareno.com\/425\/wp-content\/uploads\/2026\/03\/Cartel-Quinario-Jesus-2026.jpg)\"><div class=\"et_pb_slide_overlay_container\"><\/div><div class=\"et_pb_container clearfix\"><div class=\"et_pb_slider_container_inner\"><div class=\"et_pb_slide_description\"><h2 class=\"et_pb_slide_title\"><a href=\"https:\/\/www.jesusnazareno.com\/425\/quinario-en-honor-a-ntro-padre-jesus-nazareno-cuaresma-2026\/\">Quinario en Honor a Ntro. Padre Jes\u00fas Nazareno. Cuaresma 2026.<\/a><\/h2><div class=\"et_pb_slide_content\"><p class=\"post-meta\">por <span class=\"author vcard\"><a href=\"https:\/\/www.jesusnazareno.com\/425\/author\/admin\/\" title=\"Mensajes de admin\" rel=\"author\">admin<\/a><\/span> | <span class=\"published\">06\/02\/2026<\/span> | <a href=\"https:\/\/www.jesusnazareno.com\/425\/category\/cuaresma\/\" rel=\"category tag\">Cuaresma<\/a>, <a href=\"https:\/\/www.jesusnazareno.com\/425\/category\/cultos\/\" rel=\"category tag\">Cultos y misas<\/a>, <a href=\"https:\/\/www.jesusnazareno.com\/425\/category\/semana-santa\/\" rel=\"category tag\">Semana Santa<\/a> | 0 Comments<\/p><div><p>Celebraci\u00f3n Solemne Quinario en Honor a Nuestro Padre\u00a0Jes\u00fas Nazareno\u00a0los\u00a0viernes 20 y 27 de febrero, 6, 13, y 20\u00a0de marzo, comenzando a las\u00a07,30h de la tarde\u00a0en la\u00a0capilla de nuestra Cofrad\u00eda y Hermandad en la Iglesia de San Francisco. Con el siguiente orden de&#8230;<\/p>\n<\/div><\/div><div class=\"et_pb_button_wrapper\"><a class=\"et_pb_button et_pb_more_button\" href=\"https:\/\/www.jesusnazareno.com\/425\/quinario-en-honor-a-ntro-padre-jesus-nazareno-cuaresma-2026\/\">Leer m\u00e1s<\/a><\/div><\/div><\/div><\/div><\/div><\/div><\/div><\/div>","protected":false},"excerpt":{"rendered":"","protected":false},"author":1,"featured_media":0,"parent":0,"menu_order":0,"comment_status":"closed","ping_status":"closed","template":"","meta":{"footnotes":""},"class_list":["post-47631","page","type-page","status-publish","hentry"],"_links":{"self":[{"href":"https:\/\/www.jesusnazareno.com\/425\/wp-json\/wp\/v2\/pages\/47631","targetHints":{"allow":["GET"]}}],"collection":[{"href":"https:\/\/www.jesusnazareno.com\/425\/wp-json\/wp\/v2\/pages"}],"about":[{"href":"https:\/\/www.jesusnazareno.com\/425\/wp-json\/wp\/v2\/types\/page"}],"author":[{"embeddable":true,"href":"https:\/\/www.jesusnazareno.com\/425\/wp-json\/wp\/v2\/users\/1"}],"replies":[{"embeddable":true,"href":"https:\/\/www.jesusnazareno.com\/425\/wp-json\/wp\/v2\/comments?post=47631"}],"version-history":[{"count":2,"href":"https:\/\/www.jesusnazareno.com\/425\/wp-json\/wp\/v2\/pages\/47631\/revisions"}],"predecessor-version":[{"id":55222,"href":"https:\/\/www.jesusnazareno.com\/425\/wp-json\/wp\/v2\/pages\/47631\/revisions\/55222"}],"wp:attachment":[{"href":"https:\/\/www.jesusnazareno.com\/425\/wp-json\/wp\/v2\/media?parent=47631"}],"curies":[{"name":"wp","href":"https:\/\/api.w.org\/{rel}","templated":true}]}}