{"id":48660,"date":"2017-11-26T21:25:12","date_gmt":"2017-11-26T11:25:12","guid":{"rendered":"http:\/\/www.jesusnazareno.com\/425\/?page_id=48660"},"modified":"2025-12-12T19:03:02","modified_gmt":"2025-12-12T18:03:02","slug":"estatutos-2","status":"publish","type":"page","link":"https:\/\/www.jesusnazareno.com\/425\/estatutos-2\/","title":{"rendered":"Estatutos"},"content":{"rendered":"<div class=\"et_pb_section_0 et_pb_section et_pb_fullwidth_section et_section_regular et_block_section\">\n<section class=\"et_pb_fullwidth_header_0 et_pb_fullwidth_header et_pb_bg_layout_dark et_pb_text_align_left et_pb_module et_flex_module\"><div class=\"et_pb_fullwidth_header_container left\"><div class=\"header-content-container center\"><div class=\"header-content et_flex_module\"><h1 class=\"et_pb_module_header\">Estatutos de la Cofrad\u00eda y Hermandad.<\/h1><span class=\"et_pb_fullwidth_header_subhead\">Estatutos de la Pontificia y Real Cofrad\u00eda y Hermandad Sacramental de Ntro. Padre Jes\u00fas Nazareno, Mar\u00eda Stma. de los Dolores Nazarena y San Juan Evangelista. Priego de C\u00f3rdoba<\/span><div class=\"et_pb_header_button_wrapper\"><\/div><\/div><\/div><\/div><div class=\"et_pb_fullwidth_header_overlay\"><\/div><div class=\"et_pb_fullwidth_header_scroll\"><\/div><\/section>\n<\/div>\n\n<div class=\"et_pb_section_1 et_pb_section et_section_regular et_flex_section\">\n<div class=\"et_pb_row_0 et_pb_row et_flex_row\">\n<div class=\"et_pb_column_0 et_pb_column et-last-child et_flex_column et_pb_css_mix_blend_mode_passthrough et_flex_column_24_24\">\n<div class=\"et_pb_blurb_0 et_pb_blurb et_pb_bg_layout_light et_pb_text_align_center et_pb_blurb_position_left et_animated et_pb_module et_block_module\"><div class=\"et_pb_blurb_content\"><div class=\"et_pb_main_blurb_image\"><span class=\"et_pb_image_wrap\"><span class=\"et-pb-icon et-waypoint et_pb_animation_top et_pb_animation_top_tablet et_pb_animation_top_phone\">I<\/span><\/span><\/div><div class=\"et_pb_blurb_container\"><h4 class=\"et_pb_module_header\">Estatutos aprobados el 26 de agosto 2025.<\/h4><\/div><\/div><\/div>\n\n<div class=\"et_pb_text_0 et_pb_text et_pb_bg_layout_light et_pb_module et_block_module\"><div class=\"et_pb_text_inner\"><p><div class=\"su-document su-u-responsive-media-yes\"><iframe loading=\"lazy\" src=\"\/\/docs.google.com\/viewer?embedded=true&#038;url=https:\/\/www.jesusnazareno.com\/425\/wp-content\/uploads\/2025\/12\/Estatutos 26-8-25.pdf\" width=\"600\" height=\"2000\" class=\"su-document\" title=\"\"><\/iframe><\/div><\/p>\n<\/div><\/div>\n<\/div>\n<\/div>\n<\/div>\n\n<div class=\"et_pb_section_2 et_pb_section et_section_regular et_block_section\">\n<div class=\"et_pb_row_1 et_pb_row et_pb_gutters3 et_block_row\">\n<div class=\"et_pb_column_1 et_pb_column et_pb_column_4_4 et-last-child et_block_column et_pb_css_mix_blend_mode_passthrough\">\n<div class=\"et_pb_text_1 et_pb_text et_pb_bg_layout_light et_animated et_pb_module et_block_module\"><div class=\"et_pb_text_inner\"><p>\u00daltimas Noticias<\/p>\n<\/div><\/div>\n\n<div class=\"et_pb_divider_0 et_pb_divider et_pb_space et_pb_divider_position_center et_animated et_pb_module\"><div class=\"et_pb_divider_internal\"><\/div><\/div>\n<\/div>\n<\/div>\n<\/div>\n\n<div class=\"et_pb_section_3 et_pb_section et_pb_fullwidth_section et_section_regular et_block_section\">\n<div class=\"et_pb_fullwidth_post_slider_0 et_pb_fullwidth_post_slider et_pb_bg_layout_dark et_pb_slider et_pb_post_slider et_pb_post_slider_image_background et_pb_slider_with_overlay et_animated et_pb_module\"><div class=\"box-shadow-overlay\"><\/div><div class=\"et_pb_slides\"><div class=\"et_pb_slide et_pb_slide_with_no_image et_pb_post_slide-55649\" style=\"background-image:url(https:\/\/www.jesusnazareno.com\/425\/wp-content\/uploads\/2026\/03\/Logo-web-nuevo-2026.png)\"><div class=\"et_pb_slide_overlay_container\"><\/div><div class=\"et_pb_container clearfix\"><div class=\"et_pb_slider_container_inner\"><div class=\"et_pb_slide_description\"><h2 class=\"et_pb_slide_title\"><a href=\"https:\/\/www.jesusnazareno.com\/425\/cartel-fiestas-votivas-mayo-2026\/\">Cartel Fiestas Votivas Mayo 2026<\/a><\/h2><div class=\"et_pb_slide_content\"><p class=\"post-meta\">por <span class=\"author vcard\"><a href=\"https:\/\/www.jesusnazareno.com\/425\/author\/admin\/\" title=\"Mensajes de admin\" rel=\"author\">admin<\/a><\/span> | <span class=\"published\">25\/05\/2026<\/span> | <a href=\"https:\/\/www.jesusnazareno.com\/425\/category\/fotografias\/\" rel=\"category tag\">Fotografias<\/a>, <a href=\"https:\/\/www.jesusnazareno.com\/425\/category\/general\/\" rel=\"category tag\">General<\/a>, <a href=\"https:\/\/www.jesusnazareno.com\/425\/category\/mayo\/\" rel=\"category tag\">Mayo<\/a> | 0 Comments<\/p><div><p>Cartel anunciador de las Fiestas Votivas de Mayo 2026Fotograf\u00eda: Ana Gallego<\/p>\n<\/div><\/div><div class=\"et_pb_button_wrapper\"><a class=\"et_pb_button et_pb_more_button\" href=\"https:\/\/www.jesusnazareno.com\/425\/cartel-fiestas-votivas-mayo-2026\/\">Read More<\/a><\/div><\/div><\/div><\/div><\/div><div class=\"et_pb_slide et_pb_slide_with_no_image et_pb_post_slide-55635\" style=\"background-image:url(https:\/\/www.jesusnazareno.com\/425\/wp-content\/uploads\/2026\/05\/whatsapp.jpg)\"><div class=\"et_pb_slide_overlay_container\"><\/div><div class=\"et_pb_container clearfix\"><div class=\"et_pb_slider_container_inner\"><div class=\"et_pb_slide_description\"><h2 class=\"et_pb_slide_title\"><a href=\"https:\/\/www.jesusnazareno.com\/425\/whatsapp-de-la-hermandad\/\">Whatsapp de la Hermandad<\/a><\/h2><div class=\"et_pb_slide_content\"><p class=\"post-meta\">por <span class=\"author vcard\"><a href=\"https:\/\/www.jesusnazareno.com\/425\/author\/admin\/\" title=\"Mensajes de admin\" rel=\"author\">admin<\/a><\/span> | <span class=\"published\">19\/05\/2026<\/span> | <a href=\"https:\/\/www.jesusnazareno.com\/425\/category\/general\/\" rel=\"category tag\">General<\/a>, <a href=\"https:\/\/www.jesusnazareno.com\/425\/category\/mayo\/\" rel=\"category tag\">Mayo<\/a>, <a href=\"https:\/\/www.jesusnazareno.com\/425\/category\/noticias-de-hermandad\/\" rel=\"category tag\">Noticias<\/a>, <a href=\"https:\/\/www.jesusnazareno.com\/425\/category\/reuniones\/\" rel=\"category tag\">Reuniones<\/a>, <a href=\"https:\/\/www.jesusnazareno.com\/425\/category\/secretaria\/\" rel=\"category tag\">Secretaria<\/a>, <a href=\"https:\/\/www.jesusnazareno.com\/425\/category\/semana-santa\/\" rel=\"category tag\">Semana Santa<\/a>, <a href=\"https:\/\/www.jesusnazareno.com\/425\/category\/tesoreria\/\" rel=\"category tag\">Tesorer\u00eda<\/a> | 0 Comments<\/p><div><p>Canal de Comunicaci\u00f3n de la Cofrad\u00eda y Hermandad.\u00a0Si quieres estar informado de toda la actualidad de la Cofrad\u00eda y Hermandad, date de alta en nuestro canal de informaci\u00f3n a trav\u00e9s de Whastapp siguiendo las siguientes indicaciones: Graba el tel\u00e9fono 640 797 070 en tus&#8230;<\/p>\n<\/div><\/div><div class=\"et_pb_button_wrapper\"><a class=\"et_pb_button et_pb_more_button\" href=\"https:\/\/www.jesusnazareno.com\/425\/whatsapp-de-la-hermandad\/\">Read More<\/a><\/div><\/div><\/div><\/div><\/div><div class=\"et_pb_slide et_pb_slide_with_no_image et_pb_post_slide-55591\" style=\"background-image:url(https:\/\/www.jesusnazareno.com\/425\/wp-content\/uploads\/2026\/05\/Programa-mayo-26-1.jpg)\"><div class=\"et_pb_slide_overlay_container\"><\/div><div class=\"et_pb_container clearfix\"><div class=\"et_pb_slider_container_inner\"><div class=\"et_pb_slide_description\"><h2 class=\"et_pb_slide_title\"><a href=\"https:\/\/www.jesusnazareno.com\/425\/programa-de-las-fiestas-votivas-de-mayo-2026\/\">Programa de las Fiestas Votivas de Mayo 2026<\/a><\/h2><div class=\"et_pb_slide_content\"><p class=\"post-meta\">por <span class=\"author vcard\"><a href=\"https:\/\/www.jesusnazareno.com\/425\/author\/admin\/\" title=\"Mensajes de admin\" rel=\"author\">admin<\/a><\/span> | <span class=\"published\">19\/05\/2026<\/span> | <a href=\"https:\/\/www.jesusnazareno.com\/425\/category\/cultos\/\" rel=\"category tag\">Cultos y misas<\/a>, <a href=\"https:\/\/www.jesusnazareno.com\/425\/category\/general\/\" rel=\"category tag\">General<\/a>, <a href=\"https:\/\/www.jesusnazareno.com\/425\/category\/mayo\/\" rel=\"category tag\">Mayo<\/a> | 0 Comments<\/p><div><p>Fiestas Votivas 2026. \u00a0Programa de las Fiestas Votivas de la Cofrad\u00eda y Hermandad de Jes\u00fas Nazareno. Mayo 2026<\/p>\n<\/div><\/div><div class=\"et_pb_button_wrapper\"><a class=\"et_pb_button et_pb_more_button\" href=\"https:\/\/www.jesusnazareno.com\/425\/programa-de-las-fiestas-votivas-de-mayo-2026\/\">Read More<\/a><\/div><\/div><\/div><\/div><\/div><\/div><\/div>\n<\/div>","protected":false},"excerpt":{"rendered":"","protected":false},"author":1,"featured_media":0,"parent":0,"menu_order":0,"comment_status":"closed","ping_status":"closed","template":"","meta":{"footnotes":""},"class_list":["post-48660","page","type-page","status-publish","hentry"],"_links":{"self":[{"href":"https:\/\/www.jesusnazareno.com\/425\/wp-json\/wp\/v2\/pages\/48660","targetHints":{"allow":["GET"]}}],"collection":[{"href":"https:\/\/www.jesusnazareno.com\/425\/wp-json\/wp\/v2\/pages"}],"about":[{"href":"https:\/\/www.jesusnazareno.com\/425\/wp-json\/wp\/v2\/types\/page"}],"author":[{"embeddable":true,"href":"https:\/\/www.jesusnazareno.com\/425\/wp-json\/wp\/v2\/users\/1"}],"replies":[{"embeddable":true,"href":"https:\/\/www.jesusnazareno.com\/425\/wp-json\/wp\/v2\/comments?post=48660"}],"version-history":[{"count":6,"href":"https:\/\/www.jesusnazareno.com\/425\/wp-json\/wp\/v2\/pages\/48660\/revisions"}],"predecessor-version":[{"id":55392,"href":"https:\/\/www.jesusnazareno.com\/425\/wp-json\/wp\/v2\/pages\/48660\/revisions\/55392"}],"wp:attachment":[{"href":"https:\/\/www.jesusnazareno.com\/425\/wp-json\/wp\/v2\/media?parent=48660"}],"curies":[{"name":"wp","href":"https:\/\/api.w.org\/{rel}","templated":true}]}}